{"id":3870,"date":"2024-09-10T13:21:36","date_gmt":"2024-09-10T13:21:36","guid":{"rendered":"https:\/\/ostara-france.org\/?post_type=tribe_events&#038;p=3870"},"modified":"2024-09-12T19:22:59","modified_gmt":"2024-09-12T19:22:59","slug":"atelier-potager-sans-arrosage-gestion-de-leau","status":"publish","type":"tribe_events","link":"https:\/\/ostara-france.org\/index.php\/event\/atelier-potager-sans-arrosage-gestion-de-leau\/","title":{"rendered":"Atelier potager sans arrosage : Gestion de l&rsquo;eau"},"content":{"rendered":"<p>[et_pb_section fb_built=\u00a0\u00bb1&Prime; _builder_version=\u00a0\u00bb3.29.2&Prime; background_color=\u00a0\u00bbrgba(0,0,0,0)\u00a0\u00bb custom_padding=\u00a0\u00bb||46px|||\u00a0\u00bb locked=\u00a0\u00bboff\u00a0\u00bb fb_built=\u00a0\u00bb1&Prime; _i=\u00a0\u00bb0&Prime; _address=\u00a0\u00bb0&Prime;][et_pb_row column_structure=\u00a0\u00bb1_2,1_2&Prime; admin_label=\u00a0\u00bbLigne\u00a0\u00bb _builder_version=\u00a0\u00bb3.29.2&Prime; background_color=\u00a0\u00bb#f7f7f7&Prime; width=\u00a0\u00bb96%\u00a0\u00bb min_height=\u00a0\u00bb774px\u00a0\u00bb custom_margin=\u00a0\u00bb-30px||||false|false\u00a0\u00bb custom_padding=\u00a0\u00bb||0px|||\u00a0\u00bb border_radii=\u00a0\u00bbon|5px|5px|5px|5px\u00a0\u00bb box_shadow_style=\u00a0\u00bbpreset1&Prime; box_shadow_vertical=\u00a0\u00bb0px\u00a0\u00bb box_shadow_blur=\u00a0\u00bb4px\u00a0\u00bb collapsed=\u00a0\u00bboff\u00a0\u00bb _i=\u00a0\u00bb0&Prime; _address=\u00a0\u00bb0.0&Prime;][et_pb_column type=\u00a0\u00bb1_2&Prime; _builder_version=\u00a0\u00bb3.29.2&Prime; _i=\u00a0\u00bb0&Prime; _address=\u00a0\u00bb0.0.0&Prime;][et_pb_text _builder_version=\u00a0\u00bb3.29.2&Prime; text_font=\u00a0\u00bbMontserrat||||||||\u00a0\u00bb text_font_size=\u00a0\u00bb10px\u00a0\u00bb header_font=\u00a0\u00bbJosefin Sans||||||||\u00a0\u00bb header_font_size=\u00a0\u00bb32px\u00a0\u00bb header_2_font=\u00a0\u00bbJosefin Sans||||||||\u00a0\u00bb header_3_font=\u00a0\u00bbMontserrat||||||||\u00a0\u00bb header_3_font_size=\u00a0\u00bb18px\u00a0\u00bb min_height=\u00a0\u00bb470px\u00a0\u00bb custom_margin=\u00a0\u00bb|-48px||||\u00a0\u00bb custom_padding=\u00a0\u00bb|||59px||\u00a0\u00bb hover_enabled=\u00a0\u00bb0&Prime; inline_fonts=\u00a0\u00bbMontserrat\u00a0\u00bb _i=\u00a0\u00bb0&Prime; _address=\u00a0\u00bb0.0.0.0&Prime;]<\/p>\n<h2><\/h2>\n<h2>\ud83c\udf31 Gestion de l\u2019eau<\/h2>\n<p>D\u00e9couvrez comment r\u00e9cup\u00e9rer et stocker l\u2019eau de pluie pour nourrir votre jardin de mani\u00e8re durable !<br \/>\nAu cours de cet atelier pratique, vous apprendrez les techniques essentielles pour optimiser l&rsquo;utilisation de l&rsquo;eau de pluie. Que vous soyez d\u00e9butant ou exp\u00e9riment\u00e9, vous serez guid\u00e9 pas \u00e0 pas pour installer un syst\u00e8me de r\u00e9cup\u00e9ration d\u2019eau adapt\u00e9 \u00e0 votre espace ext\u00e9rieur.<\/p>\n<p><strong>Au programme : <\/strong><\/p>\n<p>&#8211; Mise en place des goutti\u00e8res : Apprenez \u00e0 installer des goutti\u00e8res efficaces pour collecter l&rsquo;eau de pluie depuis votre toit. <\/p>\n<p>&#8211; Installation du r\u00e9cup\u00e9rateur d\u2019eau : D\u00e9couvrez comment choisir et positionner votre r\u00e9cup\u00e9rateur pour maximiser la collecte d&rsquo;eau. <\/p>\n<p>&#8211; Raccordement au r\u00e9cup\u00e9rateur d\u2019eau : Ma\u00eetrisez les techniques de raccordement pour assurer un flux d&rsquo;eau optimal vers votre r\u00e9servoir. <\/p>\n<p>&#8211; Irrigation des trop-pleins dans le jardin : Profitez de l&rsquo;exc\u00e8s d&rsquo;eau pour irriguer intelligemment votre jardin et favoriser la biodiversit\u00e9. <\/p>\n<p>Pour profiter pleinement de l&rsquo;atelier, pr\u00e9voyez une tenue ad\u00e9quate pour les travaux en ext\u00e9rieur.[\/et_pb_text][et_pb_text _builder_version=\u00a0\u00bb3.29.2&Prime; text_font=\u00a0\u00bbMontserrat||||||||\u00a0\u00bb text_font_size=\u00a0\u00bb11px\u00a0\u00bb width=\u00a0\u00bb95.7%\u00a0\u00bb custom_padding=\u00a0\u00bb|||55px|false|false\u00a0\u00bb inline_fonts=\u00a0\u00bbMontserrat\u00a0\u00bb _i=\u00a0\u00bb1&Prime; _address=\u00a0\u00bb0.0.0.1&Prime;]<\/p>\n<p><strong>Si vous souhaitez vous inscrire :<\/strong><\/p>\n<p><span style=\"text-decoration: underline;\">Adh\u00e9rer<\/span><br \/> Prix libre<br \/> <a href=\"https:\/\/www.helloasso.com\/associations\/ostara-france\/adhesions\/ostara-2021\">https:\/\/www.helloasso.com\/associations\/ostara-france\/adhesions\/ostara-2021<\/a><\/p>\n<p><span style=\"text-decoration: underline;\">R\u00e9server sa place<\/span><br \/> Prix : 30\u20ac<br \/> En cas de difficult\u00e9s financi\u00e8res veuillez nous contacter, nous ne voulons pas que ce soit un frein \u00e0 l\u2019apprentissage.<\/p>\n<p><a href=\"https:\/\/www.helloasso.com\/associations\/ostara-france\/evenements\/ateliers-potager-sans-arrosage-2024-2024\" class=\"waffle-rich-text-link\">https:\/\/www.helloasso.com\/associations\/ostara-france\/evenements\/ateliers-potager-sans-arrosage-2024-2024<\/a><\/p>\n<p>&nbsp;<\/p>\n<p><strong>\u2709\ufe0f CONTACT<\/strong><br \/> permalab.ostara@gmail.com<\/p>\n<p><a href=\"https:\/\/www.helloasso.com\/associations\/ostara-france\/evenements\/initiation-permaculture-urbaine-2025\"><\/a><a href=\"https:\/\/www.helloasso.com\/associations\/ostara-france\/evenements\/initiation-permaculture-urbaine-2024-1\"><\/a><\/p>\n<p>[\/et_pb_text][\/et_pb_column][et_pb_column type=\u00a0\u00bb1_2&Prime; _builder_version=\u00a0\u00bb3.29.2&Prime; _i=\u00a0\u00bb1&Prime; _address=\u00a0\u00bb0.0.1&Prime;][et_pb_image src=\u00a0\u00bbhttps:\/\/ostara-france.org\/wp-content\/uploads\/2022\/08\/serre-permaculture-ostara.png\u00a0\u00bb _builder_version=\u00a0\u00bb3.29.2&Prime; min_height=\u00a0\u00bb496px\u00a0\u00bb custom_padding=\u00a0\u00bb||61px|||\u00a0\u00bb _i=\u00a0\u00bb0&Prime; _address=\u00a0\u00bb0.0.1.0&Prime;][\/et_pb_image][et_pb_text _builder_version=\u00a0\u00bb3.29.2&Prime; text_font=\u00a0\u00bbMontserrat||||||||\u00a0\u00bb text_font_size=\u00a0\u00bb11px\u00a0\u00bb hover_enabled=\u00a0\u00bb0&Prime; inline_fonts=\u00a0\u00bbMontserrat\u00a0\u00bb _i=\u00a0\u00bb1&Prime; _address=\u00a0\u00bb0.0.1.1&Prime;]<\/p>\n<p><strong>\ud83d\udccdLIEU<\/strong><br \/> Le Permalab d&rsquo;Ostara<br \/> 37 rue Saint Pierre de Vaise, LYON<\/p>\n<p><strong>\ud83d\udd58HORAIRE<\/strong><br \/> Samedi 19 octobre de 14h \u00e0\u00a017h<\/p>\n<p><strong>\ud83d\ude80TRANSPORTS<\/strong><br \/> Gare de Lyon &#8211; Part Dieu<br \/> Ligne D &#8211; Station Valmy<br \/> Bus C6,C14, 31<\/p>\n<p><strong>\ud83c\udfe9LOGEMENT<\/strong><br \/> Vous n&rsquo;habitez pas sur Lyon ?<br \/> L&rsquo;Alter&rsquo;hostel est l\u00e0 pour vous he\u0301berger ! 20\u20ac\/nuit<\/p>\n<p>[\/et_pb_text][\/et_pb_column][\/et_pb_row][\/et_pb_section][et_pb_section fb_built=\u00a0\u00bb1&Prime; _builder_version=\u00a0\u00bb3.29.2&Prime; locked=\u00a0\u00bboff\u00a0\u00bb fb_built=\u00a0\u00bb1&Prime; _i=\u00a0\u00bb1&Prime; _address=\u00a0\u00bb1&Prime;][et_pb_row admin_label=\u00a0\u00bbrow\u00a0\u00bb _builder_version=\u00a0\u00bb3.25&Prime; background_size=\u00a0\u00bbinitial\u00a0\u00bb background_position=\u00a0\u00bbtop_left\u00a0\u00bb background_repeat=\u00a0\u00bbrepeat\u00a0\u00bb min_height=\u00a0\u00bb1754px\u00a0\u00bb _i=\u00a0\u00bb0&Prime; _address=\u00a0\u00bb1.0&Prime;][et_pb_column type=\u00a0\u00bb4_4&Prime; _builder_version=\u00a0\u00bb3.25&Prime; custom_padding=\u00a0\u00bb|||\u00a0\u00bb _i=\u00a0\u00bb0&Prime; _address=\u00a0\u00bb1.0.0&Prime; custom_padding__hover=\u00a0\u00bb|||\u00a0\u00bb][et_pb_text _builder_version=\u00a0\u00bb3.29.2&Prime; text_font_size=\u00a0\u00bb37px\u00a0\u00bb text_orientation=\u00a0\u00bbcenter\u00a0\u00bb _i=\u00a0\u00bb0&Prime; _address=\u00a0\u00bb1.0.0.0&Prime;]<\/p>\n<p>1 &#8211; Adh\u00e9rer<\/p>\n<p>[\/et_pb_text][et_pb_code _builder_version=\u00a0\u00bb3.29.2&Prime; _i=\u00a0\u00bb1&Prime; _address=\u00a0\u00bb1.0.0.1&Prime;]<iframe id=\"haWidget\" allowtransparency=\"true\" scrolling=\"auto\" src=\"https:\/\/www.helloasso.com\/associations\/ostara-france\/adhesions\/ostara-2021\/widget\" style=\"width: 100%; height: 750px; border: none;\"><\/iframe>[\/et_pb_code][et_pb_text _builder_version=\u00a0\u00bb3.29.2&Prime; text_font_size=\u00a0\u00bb37px\u00a0\u00bb text_orientation=\u00a0\u00bbcenter\u00a0\u00bb _i=\u00a0\u00bb2&Prime; _address=\u00a0\u00bb1.0.0.2&Prime;]<\/p>\n<p>2- S&rsquo;inscrire<\/p>\n<p>[\/et_pb_text][et_pb_code _builder_version=\u00a0\u00bb3.29.2&Prime; hover_enabled=\u00a0\u00bb0&Prime; _i=\u00a0\u00bb3&Prime; _address=\u00a0\u00bb1.0.0.3&Prime;]<iframe id=\"haWidget\" allowtransparency=\"true\" scrolling=\"auto\" src=\"https:\/\/www.helloasso.com\/associations\/ostara-france\/evenements\/ateliers-potager-sans-arrosage-2024-2024\/widget\" style=\"width: 100%; height: 750px; border: none;\"><\/iframe>[\/et_pb_code][\/et_pb_column][\/et_pb_row][\/et_pb_section]<\/p>\n","protected":false},"excerpt":{"rendered":"<p>[et_pb_section fb_built=\u00a0\u00bb1&Prime; _builder_version=\u00a0\u00bb3.29.2&Prime; background_color=\u00a0\u00bbrgba(0,0,0,0)\u00a0\u00bb custom_padding=\u00a0\u00bb||46px|||\u00a0\u00bb locked=\u00a0\u00bboff\u00a0\u00bb fb_built=\u00a0\u00bb1&Prime; _i=\u00a0\u00bb0&Prime; _address=\u00a0\u00bb0&Prime;][et_pb_row column_structure=\u00a0\u00bb1_2,1_2&Prime; admin_label=\u00a0\u00bbLigne\u00a0\u00bb _builder_version=\u00a0\u00bb3.29.2&Prime; background_color=\u00a0\u00bb#f7f7f7&Prime; width=\u00a0\u00bb96%\u00a0\u00bb min_height=\u00a0\u00bb774px\u00a0\u00bb custom_margin=\u00a0\u00bb-30px||||false|false\u00a0\u00bb custom_padding=\u00a0\u00bb||0px|||\u00a0\u00bb border_radii=\u00a0\u00bbon|5px|5px|5px|5px\u00a0\u00bb box_shadow_style=\u00a0\u00bbpreset1&Prime; box_shadow_vertical=\u00a0\u00bb0px\u00a0\u00bb box_shadow_blur=\u00a0\u00bb4px\u00a0\u00bb collapsed=\u00a0\u00bboff\u00a0\u00bb _i=\u00a0\u00bb0&Prime; _address=\u00a0\u00bb0.0&Prime;][et_pb_column type=\u00a0\u00bb1_2&Prime; _builder_version=\u00a0\u00bb3.29.2&Prime; _i=\u00a0\u00bb0&Prime; _address=\u00a0\u00bb0.0.0&Prime;][et_pb_text _builder_version=\u00a0\u00bb3.29.2&Prime; text_font=\u00a0\u00bbMontserrat||||||||\u00a0\u00bb [&hellip;]<\/p>\n","protected":false},"author":1,"featured_media":0,"template":"","meta":{"_et_pb_use_builder":"on","_et_pb_old_content":"","_tribe_events_status":"","_tribe_events_status_reason":"","footnotes":""},"tags":[],"tribe_events_cat":[20],"class_list":["post-3870","tribe_events","type-tribe_events","status-publish","hentry","tribe_events_cat-ateliers-grand-public","cat_ateliers-grand-public"],"_links":{"self":[{"href":"https:\/\/ostara-france.org\/index.php\/wp-json\/wp\/v2\/tribe_events\/3870","targetHints":{"allow":["GET"]}}],"collection":[{"href":"https:\/\/ostara-france.org\/index.php\/wp-json\/wp\/v2\/tribe_events"}],"about":[{"href":"https:\/\/ostara-france.org\/index.php\/wp-json\/wp\/v2\/types\/tribe_events"}],"author":[{"embeddable":true,"href":"https:\/\/ostara-france.org\/index.php\/wp-json\/wp\/v2\/users\/1"}],"version-history":[{"count":5,"href":"https:\/\/ostara-france.org\/index.php\/wp-json\/wp\/v2\/tribe_events\/3870\/revisions"}],"predecessor-version":[{"id":3916,"href":"https:\/\/ostara-france.org\/index.php\/wp-json\/wp\/v2\/tribe_events\/3870\/revisions\/3916"}],"wp:attachment":[{"href":"https:\/\/ostara-france.org\/index.php\/wp-json\/wp\/v2\/media?parent=3870"}],"wp:term":[{"taxonomy":"post_tag","embeddable":true,"href":"https:\/\/ostara-france.org\/index.php\/wp-json\/wp\/v2\/tags?post=3870"},{"taxonomy":"tribe_events_cat","embeddable":true,"href":"https:\/\/ostara-france.org\/index.php\/wp-json\/wp\/v2\/tribe_events_cat?post=3870"}],"curies":[{"name":"wp","href":"https:\/\/api.w.org\/{rel}","templated":true}]}}