{"id":3626,"date":"2023-09-07T12:16:58","date_gmt":"2023-09-07T12:16:58","guid":{"rendered":"https:\/\/ostara-france.org\/?post_type=tribe_events&#038;p=3626"},"modified":"2023-09-07T12:35:14","modified_gmt":"2023-09-07T12:35:14","slug":"formation-jardin-sans-arrosage-jardin-partage-ville-de-lyon","status":"publish","type":"tribe_events","link":"https:\/\/ostara-france.org\/index.php\/event\/formation-jardin-sans-arrosage-jardin-partage-ville-de-lyon\/","title":{"rendered":"Formation jardin sans arrosage &#8211; Jardin partag\u00e9 Ville de Lyon"},"content":{"rendered":"<p>[et_pb_section fb_built=\u00a0\u00bb1&Prime; _builder_version=\u00a0\u00bb3.29.2&Prime; background_color=\u00a0\u00bbrgba(0,0,0,0)\u00a0\u00bb custom_padding=\u00a0\u00bb||46px|||\u00a0\u00bb locked=\u00a0\u00bboff\u00a0\u00bb fb_built=\u00a0\u00bb1&Prime; _i=\u00a0\u00bb0&Prime; _address=\u00a0\u00bb0&Prime;][et_pb_row column_structure=\u00a0\u00bb1_2,1_2&Prime; _builder_version=\u00a0\u00bb3.29.2&Prime; background_color=\u00a0\u00bb#f7f7f7&Prime; width=\u00a0\u00bb96%\u00a0\u00bb min_height=\u00a0\u00bb774px\u00a0\u00bb custom_margin=\u00a0\u00bb-30px||||false|false\u00a0\u00bb custom_padding=\u00a0\u00bb||0px|||\u00a0\u00bb border_radii=\u00a0\u00bbon|5px|5px|5px|5px\u00a0\u00bb box_shadow_style=\u00a0\u00bbpreset1&Prime; box_shadow_vertical=\u00a0\u00bb0px\u00a0\u00bb box_shadow_blur=\u00a0\u00bb4px\u00a0\u00bb _i=\u00a0\u00bb0&Prime; _address=\u00a0\u00bb0.0&Prime;][et_pb_column type=\u00a0\u00bb1_2&Prime; _builder_version=\u00a0\u00bb3.29.2&Prime; _i=\u00a0\u00bb0&Prime; _address=\u00a0\u00bb0.0.0&Prime;][et_pb_text _builder_version=\u00a0\u00bb3.29.2&Prime; min_height=\u00a0\u00bb470px\u00a0\u00bb custom_padding=\u00a0\u00bb|||59px||\u00a0\u00bb hover_enabled=\u00a0\u00bb0&Prime; _i=\u00a0\u00bb0&Prime; _address=\u00a0\u00bb0.0.0.0&Prime;]<\/p>\n<h3>\ud83c\udf31 Formation jardin sans arrosage &#8211; Jardin partag\u00e9<\/h3>\n<p class=\"p1\"><b>Le Permalab d&rsquo;Ostara vous propose une formation sur le jardinage sans arrosage con\u00e7ue sp\u00e9cialement pour les jardins partag\u00e9s et familiaux de la Ville de Lyon. Cette formation vise \u00e0 permettre aux participants de cultiver une abondance de fruits, l\u00e9gumes, aromates et fleurs tout en respectant l&rsquo;environnement et en pr\u00e9servant les pr\u00e9cieuses ressources en eau.<\/b><\/p>\n<p class=\"p1\">Aper\u00e7u de la Formation :<\/p>\n<p class=\"p1\">La formation en jardinage sans arrosage s\u2019\u00e9tend sur plusieurs modules con\u00e7us pour fournir aux jardiniers d\u00e9butants et exp\u00e9riment\u00e9s les connaissances n\u00e9cessaires pour cr\u00e9er des jardins prosp\u00e8res et durables. Voici un aper\u00e7u des principaux sujets abord\u00e9s :<\/p>\n<p class=\"p2\"><strong>Module 1 : Introduction et design du jardin sans arrosage<\/strong><\/p>\n<p class=\"p2\"><strong>Dimanche 22 octobre 2023 de 10h \u00e0 16h<\/strong><\/p>\n<ul class=\"ul1\">\n<li class=\"li2\"><span class=\"s1\"><\/span><b>Les fondamentaux du jardin sans arrosage :<\/b>\u00a0D\u00e9couvrez les bases du jardinage sans arrosage, comprenez les principes de la r\u00e9tention d&rsquo;eau et de la gestion des sols pour maintenir l&rsquo;humidit\u00e9 naturelle. Apprenez \u00e0 s\u00e9lectionner les plantes adapt\u00e9es \u00e0 ce type de culture.<\/li>\n<li class=\"li2\"><span class=\"s1\"><\/span><b>Design du jardin r\u00e9silient :<\/b>\u00a0Explorez les techniques de conception en Permaculture qui minimisent les besoins en eau, telles que la disposition des plantes en fonction de leurs besoins en lumi\u00e8re et en eau, la cr\u00e9ation de microclimats et l&rsquo;utilisation de paillis organiques.<\/li>\n<\/ul>\n<p class=\"p2\"><strong>Module 2 : Pr\u00e9paration du jardin sans arrosage<\/strong><\/p>\n<p class=\"p2\"><strong>Samedi 4 novembre 2023 de 10h \u00e0 16h<\/strong><\/p>\n<ul class=\"ul1\">\n<li class=\"li2\"><span class=\"s1\"><\/span><b>Gestion de l&rsquo;Eau :<\/b>\u00a0D\u00e9couvrez des m\u00e9thodes innovantes de collecte et de r\u00e9tention d&rsquo;eau, y compris la construction de bassins de r\u00e9tention, de goutti\u00e8res dirig\u00e9es vers des zones de plantation, et l&rsquo;utilisation de canaux d&rsquo;irrigation sub-surface.<\/li>\n<li class=\"li2\"><span class=\"s1\"><\/span><b>Cr\u00e9ation de sol vivant :<\/b>\u00a0Apprenez \u00e0 nourrir votre sol et \u00e0 le prot\u00e9ger toute l\u2019ann\u00e9e.<\/li>\n<li class=\"li2\"><span class=\"s1\"><\/span><b>Entretien \u00c9cologique :<\/b>\u00a0Apprenez \u00e0 maintenir votre jardin sans utiliser de produits chimiques agressifs et en minimisant les interventions humaines, tout en pr\u00e9servant la sant\u00e9 des plantes.<\/li>\n<\/ul>\n<p class=\"p1\"><b>Ensemble, cr\u00e9ons un avenir o\u00f9 la beaut\u00e9 de nos jardins s&rsquo;\u00e9panouit sans mettre en p\u00e9ril nos pr\u00e9cieuses ressources. Inscrivez-vous d\u00e8s aujourd&rsquo;hui et devenez un acteur du changement au sein de la communaut\u00e9 de jardinage de Lyon !<\/b><\/p>\n<p>[\/et_pb_text][et_pb_divider _builder_version=\u00a0\u00bb3.29.2&Prime; _i=\u00a0\u00bb1&Prime; _address=\u00a0\u00bb0.0.0.1&Prime;][\/et_pb_divider][et_pb_text _builder_version=\u00a0\u00bb3.29.2&Prime; width=\u00a0\u00bb95.7%\u00a0\u00bb custom_padding=\u00a0\u00bb|||55px|false|false\u00a0\u00bb hover_enabled=\u00a0\u00bb0&Prime; _i=\u00a0\u00bb2&Prime; _address=\u00a0\u00bb0.0.0.2&Prime;]<\/p>\n<p><strong>Modalit\u00e9s\u00a0<\/strong><\/p>\n<p><strong>Prix :<\/strong> GRATUIT<br \/> Formation financ\u00e9 par la Ville de Lyon et en partenariat avec le Passe Jardin.<br \/> Accessible uniquement aux adh\u00e9rents des jardins partag\u00e9s et familiaux de la Ville de Lyon.<\/p>\n<p><strong>Contact de la formatrice :<\/strong> raphaelle.guenard@gmail.com<\/p>\n<p>Si vous souhaitez vous inscrire :<\/p>\n<p><strong>Adh\u00e9rer :<\/strong>\u2028Prix libre\u2028<a href=\"https:\/\/www.helloasso.com\/associations\/ostara-france\/adhesions\/ostara-2021\">https:\/\/www.helloasso.com\/associations\/ostara-france\/adhesions\/ostara-2021<\/a><\/p>\n<p><strong>Inscription :<\/strong><br \/> <a href=\"https:\/\/www.helloasso.com\/associations\/ostara-france\/evenements\/formation-jardin-sans-arrosage-jardin-partage\">https:\/\/www.helloasso.com\/associations\/ostara-france\/evenements\/formation-jardin-sans-arrosage-jardin-partage<\/a><\/p>\n<p>[\/et_pb_text][\/et_pb_column][et_pb_column type=\u00a0\u00bb1_2&Prime; _builder_version=\u00a0\u00bb3.29.2&Prime; _i=\u00a0\u00bb1&Prime; _address=\u00a0\u00bb0.0.1&Prime;][et_pb_image src=\u00a0\u00bbhttps:\/\/ostara-france.org\/wp-content\/uploads\/2022\/08\/4.png\u00a0\u00bb _builder_version=\u00a0\u00bb3.29.2&Prime; min_height=\u00a0\u00bb496px\u00a0\u00bb custom_padding=\u00a0\u00bb||61px|||\u00a0\u00bb hover_enabled=\u00a0\u00bb0&Prime; _i=\u00a0\u00bb0&Prime; _address=\u00a0\u00bb0.0.1.0&Prime;][\/et_pb_image][et_pb_text _builder_version=\u00a0\u00bb3.29.2&Prime; hover_enabled=\u00a0\u00bb0&Prime; _i=\u00a0\u00bb1&Prime; _address=\u00a0\u00bb0.0.1.1&Prime;]<\/p>\n<p>\ud83d\udccdLIEU<\/p>\n<p class=\"p1\">Permalab d\u2019Ostara<br \/> 37-39 rue Saint Pierre de Vaise, LYON<\/p>\n<p>\ud83d\udd58HORAIRE<\/p>\n<p class=\"p1\">Dimanche 22 octobre et Samedi 4 novembre de 10h \u00e0\u00a016h<\/p>\n<p>\ud83c\udf74REPAS<\/p>\n<p class=\"p1\">Chacun ram\u00e8ne sa gamelle ou sa sp\u00e9cialit\u00e9<\/p>\n<p>\ud83d\ude80TRANSPORTS<\/p>\n<p class=\"p1\">M\u00e9tro : Ligne D \u2013 Station Valmy<\/p>\n<p class=\"p1\">Bus : C6 \/ C14 \/ 31<\/p>\n<p>[\/et_pb_text][\/et_pb_column][\/et_pb_row][\/et_pb_section][et_pb_section fb_built=\u00a0\u00bb1&Prime; _builder_version=\u00a0\u00bb3.29.2&Prime; background_color=\u00a0\u00bbrgba(0,0,0,0)\u00a0\u00bb locked=\u00a0\u00bboff\u00a0\u00bb fb_built=\u00a0\u00bb1&Prime; _i=\u00a0\u00bb1&Prime; _address=\u00a0\u00bb1&Prime;][et_pb_row _builder_version=\u00a0\u00bb3.29.2&Prime; background_color=\u00a0\u00bb#f7f7f7&Prime; width=\u00a0\u00bb96%\u00a0\u00bb min_height=\u00a0\u00bb455px\u00a0\u00bb custom_margin=\u00a0\u00bb-30px||||false|false\u00a0\u00bb custom_padding=\u00a0\u00bb||0px|||\u00a0\u00bb border_radii=\u00a0\u00bbon|5px|5px|5px|5px\u00a0\u00bb box_shadow_style=\u00a0\u00bbpreset1&Prime; box_shadow_vertical=\u00a0\u00bb0px\u00a0\u00bb box_shadow_blur=\u00a0\u00bb4px\u00a0\u00bb _i=\u00a0\u00bb0&Prime; _address=\u00a0\u00bb1.0&Prime;][et_pb_column type=\u00a0\u00bb4_4&Prime; _builder_version=\u00a0\u00bb3.29.2&Prime; _i=\u00a0\u00bb0&Prime; _address=\u00a0\u00bb1.0.0&Prime;][et_pb_text _builder_version=\u00a0\u00bb3.29.2&Prime; text_font_size=\u00a0\u00bb49px\u00a0\u00bb _i=\u00a0\u00bb0&Prime; _address=\u00a0\u00bb1.0.0.0&Prime;]<\/p>\n<p style=\"text-align: center;\"><strong>1 &#8211; ADHERER<\/strong><\/p>\n<p>[\/et_pb_text][et_pb_code _builder_version=\u00a0\u00bb3.29.2&Prime; min_height=\u00a0\u00bb648.6px\u00a0\u00bb custom_margin=\u00a0\u00bb||86px|||\u00a0\u00bb hover_enabled=\u00a0\u00bb0&Prime; _i=\u00a0\u00bb1&Prime; _address=\u00a0\u00bb1.0.0.1&Prime;]<iframe id=\"haWidget\" allowtransparency=\"true\" scrolling=\"auto\" src=\"https:\/\/www.helloasso.com\/associations\/ostara-france\/adhesions\/ostara-2021\/widget\" style=\"width: 100%; height: 750px; border: none;\"><\/iframe>[\/et_pb_code][\/et_pb_column][\/et_pb_row][et_pb_row _builder_version=\u00a0\u00bb3.29.2&Prime; _i=\u00a0\u00bb1&Prime; _address=\u00a0\u00bb1.1&Prime;][et_pb_column type=\u00a0\u00bb4_4&Prime; _builder_version=\u00a0\u00bb3.29.2&Prime; _i=\u00a0\u00bb0&Prime; _address=\u00a0\u00bb1.1.0&Prime;][et_pb_divider show_divider=\u00a0\u00bboff\u00a0\u00bb _builder_version=\u00a0\u00bb3.29.2&Prime; _i=\u00a0\u00bb0&Prime; _address=\u00a0\u00bb1.1.0.0&Prime;][\/et_pb_divider][\/et_pb_column][\/et_pb_row][et_pb_row _builder_version=\u00a0\u00bb3.29.2&Prime; background_color=\u00a0\u00bb#f7f7f7&Prime; width=\u00a0\u00bb96%\u00a0\u00bb min_height=\u00a0\u00bb774px\u00a0\u00bb custom_margin=\u00a0\u00bb-30px||||false|false\u00a0\u00bb custom_padding=\u00a0\u00bb||0px|||\u00a0\u00bb border_radii=\u00a0\u00bbon|5px|5px|5px|5px\u00a0\u00bb box_shadow_style=\u00a0\u00bbpreset1&Prime; box_shadow_vertical=\u00a0\u00bb0px\u00a0\u00bb box_shadow_blur=\u00a0\u00bb4px\u00a0\u00bb _i=\u00a0\u00bb2&Prime; _address=\u00a0\u00bb1.2&Prime;][et_pb_column type=\u00a0\u00bb4_4&Prime; _builder_version=\u00a0\u00bb3.29.2&Prime; _i=\u00a0\u00bb0&Prime; _address=\u00a0\u00bb1.2.0&Prime;][et_pb_text _builder_version=\u00a0\u00bb3.29.2&Prime; text_font_size=\u00a0\u00bb49px\u00a0\u00bb _i=\u00a0\u00bb0&Prime; _address=\u00a0\u00bb1.2.0.0&Prime;]<\/p>\n<p style=\"text-align: center;\"><strong>2 &#8211; S&rsquo;INSCRIRE<\/strong><\/p>\n<p>[\/et_pb_text][et_pb_code admin_label=\u00a0\u00bbCode\u00a0\u00bb _builder_version=\u00a0\u00bb3.29.2&Prime; hover_enabled=\u00a0\u00bb0&Prime; _i=\u00a0\u00bb1&Prime; _address=\u00a0\u00bb1.2.0.1&Prime;]<iframe id=\"haWidget\" allowtransparency=\"true\" scrolling=\"auto\" src=\"https:\/\/www.helloasso.com\/associations\/ostara-france\/evenements\/formation-jardin-sans-arrosage-jardin-partage\/widget\" style=\"width: 100%; height: 750px; border: none;\"><\/iframe>[\/et_pb_code][\/et_pb_column][\/et_pb_row][\/et_pb_section]<\/p>\n","protected":false},"excerpt":{"rendered":"<p>[et_pb_section fb_built=\u00a0\u00bb1&Prime; _builder_version=\u00a0\u00bb3.29.2&Prime; background_color=\u00a0\u00bbrgba(0,0,0,0)\u00a0\u00bb custom_padding=\u00a0\u00bb||46px|||\u00a0\u00bb locked=\u00a0\u00bboff\u00a0\u00bb fb_built=\u00a0\u00bb1&Prime; _i=\u00a0\u00bb0&Prime; _address=\u00a0\u00bb0&Prime;][et_pb_row column_structure=\u00a0\u00bb1_2,1_2&Prime; _builder_version=\u00a0\u00bb3.29.2&Prime; background_color=\u00a0\u00bb#f7f7f7&Prime; width=\u00a0\u00bb96%\u00a0\u00bb min_height=\u00a0\u00bb774px\u00a0\u00bb custom_margin=\u00a0\u00bb-30px||||false|false\u00a0\u00bb custom_padding=\u00a0\u00bb||0px|||\u00a0\u00bb border_radii=\u00a0\u00bbon|5px|5px|5px|5px\u00a0\u00bb box_shadow_style=\u00a0\u00bbpreset1&Prime; box_shadow_vertical=\u00a0\u00bb0px\u00a0\u00bb box_shadow_blur=\u00a0\u00bb4px\u00a0\u00bb _i=\u00a0\u00bb0&Prime; _address=\u00a0\u00bb0.0&Prime;][et_pb_column type=\u00a0\u00bb1_2&Prime; _builder_version=\u00a0\u00bb3.29.2&Prime; _i=\u00a0\u00bb0&Prime; _address=\u00a0\u00bb0.0.0&Prime;][et_pb_text _builder_version=\u00a0\u00bb3.29.2&Prime; min_height=\u00a0\u00bb470px\u00a0\u00bb custom_padding=\u00a0\u00bb|||59px||\u00a0\u00bb hover_enabled=\u00a0\u00bb0&Prime; [&hellip;]<\/p>\n","protected":false},"author":1,"featured_media":0,"template":"","meta":{"_et_pb_use_builder":"on","_et_pb_old_content":"","_tribe_events_status":"","_tribe_events_status_reason":"","footnotes":""},"tags":[],"tribe_events_cat":[],"class_list":["post-3626","tribe_events","type-tribe_events","status-publish","hentry"],"_links":{"self":[{"href":"https:\/\/ostara-france.org\/index.php\/wp-json\/wp\/v2\/tribe_events\/3626","targetHints":{"allow":["GET"]}}],"collection":[{"href":"https:\/\/ostara-france.org\/index.php\/wp-json\/wp\/v2\/tribe_events"}],"about":[{"href":"https:\/\/ostara-france.org\/index.php\/wp-json\/wp\/v2\/types\/tribe_events"}],"author":[{"embeddable":true,"href":"https:\/\/ostara-france.org\/index.php\/wp-json\/wp\/v2\/users\/1"}],"version-history":[{"count":8,"href":"https:\/\/ostara-france.org\/index.php\/wp-json\/wp\/v2\/tribe_events\/3626\/revisions"}],"predecessor-version":[{"id":3640,"href":"https:\/\/ostara-france.org\/index.php\/wp-json\/wp\/v2\/tribe_events\/3626\/revisions\/3640"}],"wp:attachment":[{"href":"https:\/\/ostara-france.org\/index.php\/wp-json\/wp\/v2\/media?parent=3626"}],"wp:term":[{"taxonomy":"post_tag","embeddable":true,"href":"https:\/\/ostara-france.org\/index.php\/wp-json\/wp\/v2\/tags?post=3626"},{"taxonomy":"tribe_events_cat","embeddable":true,"href":"https:\/\/ostara-france.org\/index.php\/wp-json\/wp\/v2\/tribe_events_cat?post=3626"}],"curies":[{"name":"wp","href":"https:\/\/api.w.org\/{rel}","templated":true}]}}