{"id":3613,"date":"2023-06-13T11:55:01","date_gmt":"2023-06-13T11:55:01","guid":{"rendered":"https:\/\/ostara-france.org\/?post_type=tribe_events&#038;p=3613"},"modified":"2023-06-13T12:06:47","modified_gmt":"2023-06-13T12:06:47","slug":"atelier-vie-du-sol","status":"publish","type":"tribe_events","link":"https:\/\/ostara-france.org\/index.php\/event\/atelier-vie-du-sol\/","title":{"rendered":"Atelier &#8211; Vie du sol"},"content":{"rendered":"<p>[et_pb_section fb_built=\u00a0\u00bb1&Prime; _builder_version=\u00a0\u00bb3.29.2&Prime; background_color=\u00a0\u00bbrgba(0,0,0,0)\u00a0\u00bb custom_padding=\u00a0\u00bb||46px|||\u00a0\u00bb locked=\u00a0\u00bboff\u00a0\u00bb fb_built=\u00a0\u00bb1&Prime; _i=\u00a0\u00bb0&Prime; _address=\u00a0\u00bb0&Prime;][et_pb_row column_structure=\u00a0\u00bb1_2,1_2&Prime; _builder_version=\u00a0\u00bb3.29.2&Prime; background_color=\u00a0\u00bb#f7f7f7&Prime; width=\u00a0\u00bb96%\u00a0\u00bb min_height=\u00a0\u00bb774px\u00a0\u00bb custom_margin=\u00a0\u00bb-30px||||false|false\u00a0\u00bb custom_padding=\u00a0\u00bb||0px|||\u00a0\u00bb border_radii=\u00a0\u00bbon|5px|5px|5px|5px\u00a0\u00bb box_shadow_style=\u00a0\u00bbpreset1&Prime; box_shadow_vertical=\u00a0\u00bb0px\u00a0\u00bb box_shadow_blur=\u00a0\u00bb4px\u00a0\u00bb _i=\u00a0\u00bb0&Prime; _address=\u00a0\u00bb0.0&Prime;][et_pb_column type=\u00a0\u00bb1_2&Prime; _builder_version=\u00a0\u00bb3.29.2&Prime; _i=\u00a0\u00bb0&Prime; _address=\u00a0\u00bb0.0.0&Prime;][et_pb_text _builder_version=\u00a0\u00bb3.29.2&Prime; min_height=\u00a0\u00bb470px\u00a0\u00bb custom_padding=\u00a0\u00bb|||59px||\u00a0\u00bb hover_enabled=\u00a0\u00bb0&Prime; _i=\u00a0\u00bb0&Prime; _address=\u00a0\u00bb0.0.0.0&Prime;]<\/p>\n<p>\ud83d\udc1c\u00a0 ATELIER VIE DU SOL<\/p>\n<p>Lombrics, Collemboles, porc\u00e9lions etc.<br \/> \u00cates vous familiers avec ces discrets et performants ing\u00e9nieurs qui entretiennent notre sol gratuitement, sans rel\u00e2che ?<\/p>\n<p>Connaitre leurs r\u00f4les dans la qualit\u00e9 et la fertilit\u00e9 du sol, c&rsquo;est comprendre les processus naturels de d\u00e9composition et d&rsquo;assimilation de la mati\u00e8re organique.<\/p>\n<p>Pour d\u00e9couvrir ou approfondir ces notions interd\u00e9pendantes, nous vous proposons un atelier accessible \u00e0 tout public<\/p>\n<p>Au programme :<br \/> &#8211; d\u00e9finition du sol et de sa structure<br \/> &#8211; comment la vie du sol s&rsquo;organise-t-elle ?<br \/> &#8211; compr\u00e9hension des ph\u00e9nom\u00e8nes de bioturbation, de renaturation et de d\u00e9composition de la mati\u00e8re organique&#8230;<\/p>\n<p>En s\u2019int\u00e9ressant aux interactions d&rsquo;un sol vivant :<br \/> &#8211; on apprend \u00e0 dynamiser l\u2019activit\u00e9 de la faune en utilisant la mati\u00e8re organique disponible en ville.<br \/> &#8211; on apprend \u00e0 identifier et utiliser des ressources souvent ignor\u00e9es ou gaspill\u00e9e<br \/> &#8211; nos v\u00e9g\u00e9taux deviennent r\u00e9silient et forts<\/p>\n<p>Venez d\u00e9couvrir cette fonction essentielle du monde vivant !<\/p>\n<p>[\/et_pb_text][et_pb_divider _builder_version=\u00a0\u00bb3.29.2&Prime; _i=\u00a0\u00bb1&Prime; _address=\u00a0\u00bb0.0.0.1&Prime;][\/et_pb_divider][et_pb_text _builder_version=\u00a0\u00bb3.29.2&Prime; width=\u00a0\u00bb95.7%\u00a0\u00bb custom_padding=\u00a0\u00bb|||55px|false|false\u00a0\u00bb hover_enabled=\u00a0\u00bb0&Prime; _i=\u00a0\u00bb2&Prime; _address=\u00a0\u00bb0.0.0.2&Prime;]<\/p>\n<p>Modalit\u00e9s :<\/p>\n<p>Prix : 10\u20ac<\/p>\n<p>En cas de difficult\u00e9s financi\u00e8res veuillez nous contacter, nous ne voulons pas que ce soit un frein \u00e0 l\u2019apprentissage.<\/p>\n<p>\u2709\ufe0f Contact du formateur <a href=\"mailto:Grassotclement@gmail.com\" target=\"_blank\" rel=\"noopener\">Grassotclement@gmail.com<\/a><\/p>\n<p>Si vous souhaitez vous inscrire :<\/p>\n<p>Adh\u00e9rer :<br \/> Prix libre<br \/> <a href=\"https:\/\/www.helloasso.com\/associations\/ostara-france\/adhesions\/ostara-2021\">https:\/\/www.helloasso.com\/associations\/ostara-france\/adhesions\/ostara-2021<\/a><\/p>\n<p>Inscription :<\/p>\n<p><a href=\"https:\/\/www.helloasso.com\/associations\/ostara-france\/evenements\/atelier-sol-vivant\">https:\/\/www.helloasso.com\/associations\/ostara-france\/evenements\/atelier-sol-vivant<\/a><\/p>\n<p>&nbsp;<\/p>\n<p>[\/et_pb_text][\/et_pb_column][et_pb_column type=\u00a0\u00bb1_2&Prime; _builder_version=\u00a0\u00bb3.29.2&Prime; _i=\u00a0\u00bb1&Prime; _address=\u00a0\u00bb0.0.1&Prime;][et_pb_image src=\u00a0\u00bbhttps:\/\/ostara-france.org\/wp-content\/uploads\/2020\/12\/mushrooms-4586883_640.jpg\u00a0\u00bb _builder_version=\u00a0\u00bb3.29.2&Prime; min_height=\u00a0\u00bb496px\u00a0\u00bb custom_padding=\u00a0\u00bb||61px|||\u00a0\u00bb hover_enabled=\u00a0\u00bb0&Prime; _i=\u00a0\u00bb0&Prime; _address=\u00a0\u00bb0.0.1.0&Prime;][\/et_pb_image][et_pb_text _builder_version=\u00a0\u00bb3.29.2&Prime; hover_enabled=\u00a0\u00bb0&Prime; _i=\u00a0\u00bb1&Prime; _address=\u00a0\u00bb0.0.1.1&Prime;]<\/p>\n<p>\ud83d\udccdLIEU<br \/> Jardin expe\u0301rimental Ostara<br \/> 37 rue Saint Pierre de Vaise, LYON<\/p>\n<p>\ud83d\udd58HORAIRE<\/p>\n<p>Samedi 1er juillet de 14h \u00e0\u00a0 15h30<\/p>\n<p>&nbsp;<\/p>\n<p>\ud83d\ude80TRANSPORTS<br \/> Gare de Lyon &#8211; Part Dieu Ligne D &#8211; Station Valmy Bus C6,C14, 31<\/p>\n<p>&nbsp;<\/p>\n<p>[\/et_pb_text][\/et_pb_column][\/et_pb_row][et_pb_row admin_label=\u00a0\u00bbrow\u00a0\u00bb _builder_version=\u00a0\u00bb3.25&Prime; background_size=\u00a0\u00bbinitial\u00a0\u00bb background_position=\u00a0\u00bbtop_left\u00a0\u00bb background_repeat=\u00a0\u00bbrepeat\u00a0\u00bb min_height=\u00a0\u00bb1754px\u00a0\u00bb _i=\u00a0\u00bb0&Prime; _address=\u00a0\u00bb0&Prime;][et_pb_column type=\u00a0\u00bb4_4&Prime; _builder_version=\u00a0\u00bb3.25&Prime; custom_padding=\u00a0\u00bb|||\u00a0\u00bb _i=\u00a0\u00bb0&Prime; _address=\u00a0\u00bb0.0&Prime; custom_padding__hover=\u00a0\u00bb|||\u00a0\u00bb][et_pb_text _builder_version=\u00a0\u00bb3.29.2&Prime; text_font_size=\u00a0\u00bb37px\u00a0\u00bb text_orientation=\u00a0\u00bbcenter\u00a0\u00bb _i=\u00a0\u00bb0&Prime; _address=\u00a0\u00bb0.0.0&Prime;]<\/p>\n<p>1 &#8211; Adh\u00e9rer<\/p>\n<p>[\/et_pb_text][et_pb_code _builder_version=\u00a0\u00bb3.29.2&Prime; hover_enabled=\u00a0\u00bb0&Prime; _i=\u00a0\u00bb1&Prime; _address=\u00a0\u00bb0.0.1&Prime;]<iframe id=\"haWidget\" allowtransparency=\"true\" scrolling=\"auto\" src=\"https:\/\/www.helloasso.com\/associations\/ostara-france\/adhesions\/ostara-2021\/widget\" style=\"width: 100%; height: 750px; border: none;\"><\/iframe>[\/et_pb_code][et_pb_text _builder_version=\u00a0\u00bb3.29.2&Prime; text_font_size=\u00a0\u00bb37px\u00a0\u00bb text_orientation=\u00a0\u00bbcenter\u00a0\u00bb _i=\u00a0\u00bb2&Prime; _address=\u00a0\u00bb0.0.2&Prime;]<\/p>\n<p>2- S&rsquo;inscrire<\/p>\n<p>[\/et_pb_text][et_pb_code _builder_version=\u00a0\u00bb3.29.2&Prime; hover_enabled=\u00a0\u00bb0&Prime; _i=\u00a0\u00bb3&Prime; _address=\u00a0\u00bb0.0.3&Prime;]<iframe id=\"haWidget\" allowtransparency=\"true\" scrolling=\"auto\" src=\"https:\/\/www.helloasso.com\/associations\/ostara-france\/evenements\/atelier-sol-vivant\/widget\" style=\"width: 100%; height: 750px; border: none;\"><\/iframe>[\/et_pb_code][\/et_pb_column][\/et_pb_row][\/et_pb_section]<\/p>\n","protected":false},"excerpt":{"rendered":"<p>[et_pb_section fb_built=\u00a0\u00bb1&Prime; _builder_version=\u00a0\u00bb3.29.2&Prime; background_color=\u00a0\u00bbrgba(0,0,0,0)\u00a0\u00bb custom_padding=\u00a0\u00bb||46px|||\u00a0\u00bb locked=\u00a0\u00bboff\u00a0\u00bb fb_built=\u00a0\u00bb1&Prime; _i=\u00a0\u00bb0&Prime; _address=\u00a0\u00bb0&Prime;][et_pb_row column_structure=\u00a0\u00bb1_2,1_2&Prime; _builder_version=\u00a0\u00bb3.29.2&Prime; background_color=\u00a0\u00bb#f7f7f7&Prime; width=\u00a0\u00bb96%\u00a0\u00bb min_height=\u00a0\u00bb774px\u00a0\u00bb custom_margin=\u00a0\u00bb-30px||||false|false\u00a0\u00bb custom_padding=\u00a0\u00bb||0px|||\u00a0\u00bb border_radii=\u00a0\u00bbon|5px|5px|5px|5px\u00a0\u00bb box_shadow_style=\u00a0\u00bbpreset1&Prime; box_shadow_vertical=\u00a0\u00bb0px\u00a0\u00bb box_shadow_blur=\u00a0\u00bb4px\u00a0\u00bb _i=\u00a0\u00bb0&Prime; _address=\u00a0\u00bb0.0&Prime;][et_pb_column type=\u00a0\u00bb1_2&Prime; _builder_version=\u00a0\u00bb3.29.2&Prime; _i=\u00a0\u00bb0&Prime; _address=\u00a0\u00bb0.0.0&Prime;][et_pb_text _builder_version=\u00a0\u00bb3.29.2&Prime; min_height=\u00a0\u00bb470px\u00a0\u00bb custom_padding=\u00a0\u00bb|||59px||\u00a0\u00bb hover_enabled=\u00a0\u00bb0&Prime; [&hellip;]<\/p>\n","protected":false},"author":1,"featured_media":0,"template":"","meta":{"_et_pb_use_builder":"on","_et_pb_old_content":"","_tribe_events_status":"","_tribe_events_status_reason":"","footnotes":""},"tags":[],"tribe_events_cat":[],"class_list":["post-3613","tribe_events","type-tribe_events","status-publish","hentry"],"_links":{"self":[{"href":"https:\/\/ostara-france.org\/index.php\/wp-json\/wp\/v2\/tribe_events\/3613","targetHints":{"allow":["GET"]}}],"collection":[{"href":"https:\/\/ostara-france.org\/index.php\/wp-json\/wp\/v2\/tribe_events"}],"about":[{"href":"https:\/\/ostara-france.org\/index.php\/wp-json\/wp\/v2\/types\/tribe_events"}],"author":[{"embeddable":true,"href":"https:\/\/ostara-france.org\/index.php\/wp-json\/wp\/v2\/users\/1"}],"version-history":[{"count":6,"href":"https:\/\/ostara-france.org\/index.php\/wp-json\/wp\/v2\/tribe_events\/3613\/revisions"}],"predecessor-version":[{"id":3623,"href":"https:\/\/ostara-france.org\/index.php\/wp-json\/wp\/v2\/tribe_events\/3613\/revisions\/3623"}],"wp:attachment":[{"href":"https:\/\/ostara-france.org\/index.php\/wp-json\/wp\/v2\/media?parent=3613"}],"wp:term":[{"taxonomy":"post_tag","embeddable":true,"href":"https:\/\/ostara-france.org\/index.php\/wp-json\/wp\/v2\/tags?post=3613"},{"taxonomy":"tribe_events_cat","embeddable":true,"href":"https:\/\/ostara-france.org\/index.php\/wp-json\/wp\/v2\/tribe_events_cat?post=3613"}],"curies":[{"name":"wp","href":"https:\/\/api.w.org\/{rel}","templated":true}]}}