{"id":150,"date":"2019-12-14T00:25:17","date_gmt":"2019-12-14T00:25:17","guid":{"rendered":"https:\/\/ostara-france.org\/?page_id=150"},"modified":"2021-06-23T13:15:55","modified_gmt":"2021-06-23T13:15:55","slug":"soin-a-la-nature-et-a-la-terre","status":"publish","type":"page","link":"https:\/\/ostara-france.org\/index.php\/soin-a-la-nature-et-a-la-terre\/","title":{"rendered":"Soin \u00e0 la Nature et \u00e0 la Terre"},"content":{"rendered":"<p>[et_pb_section fb_built=\u00a0\u00bb1&Prime; fullwidth=\u00a0\u00bbon\u00a0\u00bb _builder_version=\u00a0\u00bb3.29.2&Prime; box_shadow_style=\u00a0\u00bbpreset1&Prime; box_shadow_spread=\u00a0\u00bb-6px\u00a0\u00bb fb_built=\u00a0\u00bb1&Prime; _i=\u00a0\u00bb0&Prime; _address=\u00a0\u00bb0&Prime;][et_pb_fullwidth_header title=\u00a0\u00bbSoin \u00e0 la Nature et \u00e0 la Terre \u00a0\u00bb _builder_version=\u00a0\u00bb3.29.2&Prime; title_font=\u00a0\u00bbComfortaa|700|||||||\u00a0\u00bb title_text_align=\u00a0\u00bbcenter\u00a0\u00bb title_text_color=\u00a0\u00bb#f7f7f7&Prime; title_font_size=\u00a0\u00bb29px\u00a0\u00bb title_letter_spacing=\u00a0\u00bb2px\u00a0\u00bb background_color=\u00a0\u00bbrgba(0,0,0,0)\u00a0\u00bb background_image=\u00a0\u00bbhttps:\/\/ostara-france.org\/wp-content\/uploads\/2019\/12\/Soin-\u00e0-la-Nature-et-\u00e0-la-Terre.jpg\u00a0\u00bb title_text_shadow_style=\u00a0\u00bbpreset1&Prime; title_text_shadow_color=\u00a0\u00bb#000000&Prime; _i=\u00a0\u00bb0&Prime; _address=\u00a0\u00bb0.0&Prime;][\/et_pb_fullwidth_header][\/et_pb_section][et_pb_section fb_built=\u00a0\u00bb1&Prime; _builder_version=\u00a0\u00bb3.29.2&Prime; background_color=\u00a0\u00bbrgba(75,150,107,0.02)\u00a0\u00bb fb_built=\u00a0\u00bb1&Prime; _i=\u00a0\u00bb1&Prime; _address=\u00a0\u00bb1&Prime;][et_pb_row column_structure=\u00a0\u00bb1_2,1_2&Prime; make_equal=\u00a0\u00bbon\u00a0\u00bb _builder_version=\u00a0\u00bb3.29.2&Prime; background_color=\u00a0\u00bb#f7f7f7&Prime; width=\u00a0\u00bb96%\u00a0\u00bb module_alignment=\u00a0\u00bbcenter\u00a0\u00bb custom_margin=\u00a0\u00bb-30px||||false|false\u00a0\u00bb custom_padding=\u00a0\u00bb||||false|false\u00a0\u00bb animation_style=\u00a0\u00bbfade\u00a0\u00bb border_radii=\u00a0\u00bbon|5px|5px|5px|5px\u00a0\u00bb box_shadow_style=\u00a0\u00bbpreset1&Prime; box_shadow_vertical=\u00a0\u00bb0px\u00a0\u00bb box_shadow_blur=\u00a0\u00bb4px\u00a0\u00bb _i=\u00a0\u00bb0&Prime; _address=\u00a0\u00bb1.0&Prime;][et_pb_column type=\u00a0\u00bb1_2&Prime; _builder_version=\u00a0\u00bb3.29.2&Prime; background_color=\u00a0\u00bb#f7f7f7&Prime; custom_padding=\u00a0\u00bb||||false|true\u00a0\u00bb _i=\u00a0\u00bb0&Prime; _address=\u00a0\u00bb1.0.0&Prime;][et_pb_text _builder_version=\u00a0\u00bb3.29.2&Prime; custom_margin=\u00a0\u00bb-27px|10px||10px|false|true\u00a0\u00bb _i=\u00a0\u00bb0&Prime; _address=\u00a0\u00bb1.0.0.0&Prime;]<\/p>\n<p style=\"text-align: left;\"><span style=\"color: #339966;\"><strong>Le Permalab d\u2019Ostara<\/strong><\/span> est situ\u00e9 dans le 9\u00e8me arrondissement de Lyon. C\u2019est un lieu o\u00f9 l\u2019on pratique la Permaculture. Il s\u2019agit du centre n\u00e9vralgique de l\u2019association Ostara.<br \/>\nC\u2019est \u00e0 partir de ce jardin que nous mettons en place des exp\u00e9rimentations environnementales et sociales de Permaculture. Ce jardin est \u00e9galement un lieu de rencontres et d\u2019\u00e9changes.<\/p>\n<p>[\/et_pb_text][et_pb_image src=\u00a0\u00bbhttps:\/\/ostara-france.org\/wp-content\/uploads\/2019\/12\/Soin-\u00e0-la-Nature-et-\u00e0-la-Terre-.jpg\u00a0\u00bb show_bottom_space=\u00a0\u00bboff\u00a0\u00bb align=\u00a0\u00bbcenter\u00a0\u00bb _builder_version=\u00a0\u00bb3.29.2&Prime; background_color=\u00a0\u00bbrgba(0,0,0,0)\u00a0\u00bb background_enable_image=\u00a0\u00bboff\u00a0\u00bb custom_margin=\u00a0\u00bb-30px|10px||10px|false|true\u00a0\u00bb border_radii=\u00a0\u00bbon|5px|5px|5px|5px\u00a0\u00bb border_width_all=\u00a0\u00bb0px\u00a0\u00bb border_width_bottom=\u00a0\u00bb18px\u00a0\u00bb border_color_bottom=\u00a0\u00bb#65a687&Prime; _i=\u00a0\u00bb1&Prime; _address=\u00a0\u00bb1.0.0.1&Prime;][\/et_pb_image][et_pb_text _builder_version=\u00a0\u00bb3.29.2&Prime; text_font=\u00a0\u00bbOpen Sans||||||||\u00a0\u00bb text_font_size=\u00a0\u00bb10px\u00a0\u00bb background_layout=\u00a0\u00bbdark\u00a0\u00bb custom_margin=\u00a0\u00bb-20px||-20px|12px|true|false\u00a0\u00bb _i=\u00a0\u00bb2&Prime; _address=\u00a0\u00bb1.0.0.2&Prime;]<\/p>\n<p>Permalab Ostara 2019<\/p>\n<p>[\/et_pb_text][et_pb_accordion open_toggle_text_color=\u00a0\u00bb#65a687&Prime; open_toggle_background_color=\u00a0\u00bbrgba(0,0,0,0)\u00a0\u00bb closed_toggle_text_color=\u00a0\u00bbrgba(0,0,0,0)\u00a0\u00bb closed_toggle_background_color=\u00a0\u00bbrgba(0,0,0,0)\u00a0\u00bb _builder_version=\u00a0\u00bb3.29.2&Prime; toggle_text_color=\u00a0\u00bbrgba(0,0,0,0)\u00a0\u00bb toggle_level=\u00a0\u00bbh2&Prime; toggle_font=\u00a0\u00bbComfortaa|700|||||||\u00a0\u00bb toggle_text_align=\u00a0\u00bbcenter\u00a0\u00bb toggle_font_size=\u00a0\u00bb22px\u00a0\u00bb body_font=\u00a0\u00bbOpen Sans||||||||\u00a0\u00bb body_text_align=\u00a0\u00bbjustify\u00a0\u00bb background_color=\u00a0\u00bbrgba(0,0,0,0)\u00a0\u00bb custom_margin=\u00a0\u00bb20px||20px||true|false\u00a0\u00bb hover_enabled=\u00a0\u00bb0&Prime; border_width_all=\u00a0\u00bb0px\u00a0\u00bb border_color_all=\u00a0\u00bbrgba(0,0,0,0)\u00a0\u00bb _i=\u00a0\u00bb3&Prime; _address=\u00a0\u00bb1.0.0.3&Prime;][et_pb_accordion_item title=\u00a0\u00bbLa Serre\u00a0\u00bb open=\u00a0\u00bbon\u00a0\u00bb open_toggle_text_color=\u00a0\u00bb#65a687&Prime; _builder_version=\u00a0\u00bb3.29.2&Prime; custom_margin=\u00a0\u00bb|-10px||-10px|false|true\u00a0\u00bb hover_enabled=\u00a0\u00bb0&Prime; toggle_text_color=\u00a0\u00bbrgba(0,0,0,0)\u00a0\u00bb toggle_font=\u00a0\u00bbComfortaa|700|||on|||#65a687|solid\u00a0\u00bb toggle_text_align=\u00a0\u00bbcenter\u00a0\u00bb toggle_font_size=\u00a0\u00bb26px\u00a0\u00bb closed_toggle_font=\u00a0\u00bb||||||||\u00a0\u00bb _i=\u00a0\u00bb0&Prime; _address=\u00a0\u00bb1.0.0.3.0&Prime;]<\/p>\n<p style=\"text-align: justify;\"><em>La serre, v\u00e9ritable nurserie du jardin. C\u2019est l\u2019endroit o\u00f9 naissent les plants de fruits et l\u00e9gumes que nous plantons par la suite dans les zones de cultures.<\/em><\/p>\n<p style=\"text-align: justify;\"><span style=\"text-decoration: underline;\"><strong>Acc\u00e9l\u00e9ration de la croissance<\/strong><\/span><br \/>\nLes conditions \u00e0 l\u2019int\u00e9rieur de la serre sont bien plus favorables et stables qu\u2019\u00e0 l\u2019ext\u00e9rieur. Les plantes ne sont pas soumises aux changements climatiques, aux fortes pluies et au vent. Cela permet de prot\u00e9ger nos graines et leur permet une confortable croissance.<br \/>\nPour autant cette technique ne permet pas la r\u00e9silience des graines. Nous utilisons donc la serre juste pour pr\u00e9parer les plantes qui seront en suite planter dans les zones de cultures.<\/p>\n<p style=\"text-align: justify;\"><strong>Dur\u00e9e de culture et de r\u00e9colte rallong\u00e9e<\/strong><br \/>\nDe novembre \u00e0 mai dans la serre, les plantes seront bien au chaud et prot\u00e9g\u00e9es du gel et du vent pendant l\u2019hiver.<br \/>\nAfin d\u2019obtenir plusieurs plantes \u00e0 partir d\u2019une seule nous r\u00e9alisons aussi des boutures et recoltons nos graines.<\/p>\n<p style=\"text-align: justify;\"><span style=\"text-decoration: underline;\"><strong>Gestion de l\u2019arrosage<\/strong><\/span><br \/>\nLa serre est le seul endroit du jardin o\u00f9 nous devons arroser. Afin de g\u00e9rer notre consommation d\u2019eau, nous utilisons son toit pour r\u00e9cup\u00e9rer l\u2019eau de pluie et avons install\u00e9 un syst\u00e8me de goutte \u00e0 goutte qui arrose les racines doucement et qui nous permet d\u2019\u00e9conomiser des litres d\u2019eau. Sans compter l&rsquo;utilisation d&rsquo;un spray pour arroser les semis, qui nous fait \u00e9conomiser beaucoup d&rsquo;eau.<\/p>\n<p>[\/et_pb_accordion_item][\/et_pb_accordion][et_pb_image src=\u00a0\u00bbhttps:\/\/ostara-france.org\/wp-content\/uploads\/2019\/12\/la-serre.jpg\u00a0\u00bb _builder_version=\u00a0\u00bb3.29.2&Prime; background_color=\u00a0\u00bbrgba(0,0,0,0)\u00a0\u00bb custom_margin=\u00a0\u00bb-30px|10px|-30px|10px|true|true\u00a0\u00bb border_radii=\u00a0\u00bboff|5px|5px|5px|5px\u00a0\u00bb border_color_all=\u00a0\u00bb#65a687&Prime; border_width_bottom=\u00a0\u00bb18px\u00a0\u00bb _i=\u00a0\u00bb4&Prime; _address=\u00a0\u00bb1.0.0.4&Prime;][\/et_pb_image][et_pb_text _builder_version=\u00a0\u00bb3.29.2&Prime; text_font=\u00a0\u00bbOpen Sans||||||||\u00a0\u00bb text_font_size=\u00a0\u00bb10px\u00a0\u00bb background_layout=\u00a0\u00bbdark\u00a0\u00bb custom_margin=\u00a0\u00bb9px|||12px|false|false\u00a0\u00bb _i=\u00a0\u00bb5&Prime; _address=\u00a0\u00bb1.0.0.5&Prime;]<\/p>\n<p>Serre Ostara 2019<\/p>\n<p>[\/et_pb_text][\/et_pb_column][et_pb_column type=\u00a0\u00bb1_2&Prime; _builder_version=\u00a0\u00bb3.29.2&Prime; _i=\u00a0\u00bb1&Prime; _address=\u00a0\u00bb1.0.1&Prime;][et_pb_accordion open_toggle_text_color=\u00a0\u00bb#65a687&Prime; open_toggle_background_color=\u00a0\u00bbrgba(0,0,0,0)\u00a0\u00bb closed_toggle_background_color=\u00a0\u00bbrgba(0,0,0,0)\u00a0\u00bb _builder_version=\u00a0\u00bb3.29.2&Prime; toggle_level=\u00a0\u00bbh2&Prime; toggle_font=\u00a0\u00bbComfortaa|700|||on||||\u00a0\u00bb toggle_text_align=\u00a0\u00bbcenter\u00a0\u00bb toggle_font_size=\u00a0\u00bb22px\u00a0\u00bb body_font=\u00a0\u00bbOpen Sans||||||||\u00a0\u00bb body_text_align=\u00a0\u00bbjustify\u00a0\u00bb background_color=\u00a0\u00bbrgba(0,0,0,0)\u00a0\u00bb custom_margin=\u00a0\u00bb-20px|-10px|-20px|-10px|true|true\u00a0\u00bb hover_enabled=\u00a0\u00bb0&Prime; border_width_all=\u00a0\u00bb0px\u00a0\u00bb _i=\u00a0\u00bb0&Prime; _address=\u00a0\u00bb1.0.1.0&Prime;][et_pb_accordion_item title=\u00a0\u00bbLa Mare\u00a0\u00bb open=\u00a0\u00bbon\u00a0\u00bb _builder_version=\u00a0\u00bb3.29.2&Prime; hover_enabled=\u00a0\u00bb0&Prime; _i=\u00a0\u00bb0&Prime; _address=\u00a0\u00bb1.0.1.0.0&Prime;]<\/p>\n<p>L\u2019eau c\u2019est la vie !<\/p>\n<p>Que serait un \u00e9colieu sans une mare digne de ce nom ?<br \/>\nLa mare est le c\u0153ur du jardin, et permet \u00e0 son \u00e9cosyst\u00e8me de se d\u00e9velopper.<\/p>\n<p>Une mare est un \u00e9l\u00e9ment important du design d\u2019un jardin, elle a plusieurs fonctions :<br \/>\n\u2022 le d\u00e9veloppement d\u2019une chaine alimentaire \u00e9quilibr\u00e9e<br \/>\n\u2022 la surface de l\u2019eau r\u00e9fl\u00e9chit les rayons du soleil (source de chaleur)<br \/>\n\u2022 une mare cr\u00e9e un microclimat<br \/>\n\u2022 elle apporte de la biodiversit\u00e9<br \/>\n\u2022 c\u2019est une source de production v\u00e9g\u00e9tale<\/p>\n<p>Notre mare est auto-suffisante, les poissons se nourrissent des diff\u00e9rents \u00e9l\u00e9ments qui y poussent ou qui y tombent et contribuent au filtrage de l\u2019eau. L\u2019eau dans la mare s\u2019ass\u00e8che un peu en \u00e9t\u00e9 et redevient pleine lors des pluies. Afin de s\u00e9curis\u00e9 la mare, nous conservons 1m3 d&rsquo;eau de pluie en cas de forte s\u00e9cheresse.<\/p>\n<p>[\/et_pb_accordion_item][\/et_pb_accordion][et_pb_image src=\u00a0\u00bbhttps:\/\/ostara-france.org\/wp-content\/uploads\/2019\/12\/la-marre.jpg\u00a0\u00bb _builder_version=\u00a0\u00bb3.29.2&Prime; background_color=\u00a0\u00bbrgba(0,0,0,0)\u00a0\u00bb custom_margin=\u00a0\u00bb10px|10px|10px|10px|true|true\u00a0\u00bb border_radii=\u00a0\u00bbon|5px|5px|5px|5px\u00a0\u00bb border_width_bottom=\u00a0\u00bb18px\u00a0\u00bb border_color_bottom=\u00a0\u00bb#65a687&Prime; _i=\u00a0\u00bb1&Prime; _address=\u00a0\u00bb1.0.1.1&Prime;][\/et_pb_image][et_pb_text _builder_version=\u00a0\u00bb3.29.2&Prime; text_font=\u00a0\u00bbOpen Sans||||||||\u00a0\u00bb text_font_size=\u00a0\u00bb10px\u00a0\u00bb background_layout=\u00a0\u00bbdark\u00a0\u00bb custom_margin=\u00a0\u00bb-30px|12px|-30px|12px|true|true\u00a0\u00bb _i=\u00a0\u00bb2&Prime; _address=\u00a0\u00bb1.0.1.2&Prime;]<\/p>\n<p>La Mare Ostara 2019<\/p>\n<p>[\/et_pb_text][et_pb_accordion _builder_version=\u00a0\u00bb3.29.2&Prime; toggle_font_size=\u00a0\u00bb22px\u00a0\u00bb custom_margin=\u00a0\u00bb30px|-10px|30px|-10px|true|true\u00a0\u00bb _i=\u00a0\u00bb3&Prime; _address=\u00a0\u00bb1.0.1.3&Prime;][et_pb_accordion_item title=\u00a0\u00bbLe Compost\u00a0\u00bb open=\u00a0\u00bbon\u00a0\u00bb open_toggle_text_color=\u00a0\u00bb#65a687&Prime; open_toggle_background_color=\u00a0\u00bbrgba(0,0,0,0)\u00a0\u00bb closed_toggle_background_color=\u00a0\u00bbrgba(0,0,0,0)\u00a0\u00bb _builder_version=\u00a0\u00bb3.29.2&Prime; body_font=\u00a0\u00bbOpen Sans||||||||\u00a0\u00bb border_width_all=\u00a0\u00bb0px\u00a0\u00bb toggle_level=\u00a0\u00bbh2&Prime; toggle_font=\u00a0\u00bbComfortaa|700|||on||||\u00a0\u00bb toggle_text_align=\u00a0\u00bbcenter\u00a0\u00bb toggle_font_size=\u00a0\u00bb22px\u00a0\u00bb _i=\u00a0\u00bb0&Prime; _address=\u00a0\u00bb1.0.1.3.0&Prime;]<\/p>\n<p style=\"text-align: justify;\">Fabriqu\u00e9 \u00e0 partir des d\u00e9chets du jardin, des cuisines du 9\u00e8me arrondissement de Lyon et surtout des Petites Cantines, notre compost est un engrais naturel, riche en mati\u00e8re organique, phosphore, azote, carbone etc. Il permet de nourrir le jardin exp\u00e9rimental d\u2019Ostara. Le compostage \u00e0 l\u2019\u00e9chelle individuelle constitue en outre une activit\u00e9 simple et pleine d\u2019avantages puisqu\u2019elle permet de r\u00e9duire la production de d\u00e9chets et donc de pr\u00e9server notre environnement !<\/p>\n<p style=\"text-align: justify;\">Le compost, c\u2019est quoi ?<br \/>\nLe compostage est une op\u00e9ration qui consiste \u00e0 laisser des mati\u00e8res organiques se d\u00e9grader en pr\u00e9sence de l\u2019oxyg\u00e8ne de l\u2019air, dans des conditions ad\u00e9quates \u00e0 la d\u00e9gradation.<br \/>\nLe compostage transforme la mati\u00e8re organique en terre. La mati\u00e8re organique est d\u00e9compos\u00e9e par des micro-organismes tels que les bact\u00e9ries et les champignons qui la transforment en \u00e9l\u00e9ments dont s\u2019alimentent les v\u00e9g\u00e9taux.<\/p>\n<p style=\"text-align: justify;\">A quoi \u00e7a sert ?<br \/>\nIl permet de diminuer les d\u00e9chets et donc, le nombre de camions transportant des d\u00e9chets sur nos routes mais \u00e9galement la fr\u00e9quence d\u2019incin\u00e9ration des d\u00e9chets et le nombre de d\u00e9charges. C\u2019est un moyen facile de r\u00e9duire d\u2019au moins un tiers la quantit\u00e9 de r\u00e9sidus produits par les m\u00e9nages.<br \/>\nEn 2 ans, Ostara \u00e0 recycler environ 9 tonnes de d\u00e9chets organiques des Petites Cantines !<br \/>\nLe compost est une mati\u00e8re riche constitu\u00e9e de milliards de micro organismes. Cette mati\u00e8re est tr\u00e8s utilis\u00e9e en permaculture car elle permet de nourrir le jardin sans avoir \u00e0 utiliser d\u2019engrais chimiques. Le compost permet ainsi d\u2019am\u00e9liorer la qualit\u00e9 du sol : il renforce son stock d\u2019humus, am\u00e9liore la fertilit\u00e9 et favorise la biodiversit\u00e9.<\/p>\n<p style=\"text-align: justify;\">Comment composter ?<br \/>\nLe compostage est un mode de recyclage important et simple que tout un quartier peut mettre en \u0153uvre. C\u2019est pourquoi nous proposons \u00e0 tout volontaires, organisations, entreprises ou r\u00e9sidences des petites formations pour l\u2019installation d\u2019un compost fabriqu\u00e9 \u00e0 partir de mat\u00e9riaux recycl\u00e9s.<br \/>\nLes adh\u00e9rents de l\u2019association Ostara viennent d\u00e9poser leur compost, aident \u00e0 sa gestion et s\u2019en servent quotidiennement dans le jardin !<br \/>\nPour les curieux du ph\u00e9nom\u00e8ne, vous pouvez lire notre article : La science du compostage<\/p>\n<p>[\/et_pb_accordion_item][\/et_pb_accordion][et_pb_image src=\u00a0\u00bbhttps:\/\/ostara-france.org\/wp-content\/uploads\/2019\/12\/compost.jpg\u00a0\u00bb _builder_version=\u00a0\u00bb3.29.2&Prime; background_color=\u00a0\u00bbrgba(0,0,0,0)\u00a0\u00bb custom_margin=\u00a0\u00bb-45px|10px|-45px|10px|true|true\u00a0\u00bb border_radii=\u00a0\u00bbon|5px|5px|5px|5px\u00a0\u00bb border_width_bottom=\u00a0\u00bb18px\u00a0\u00bb border_color_bottom=\u00a0\u00bb#65a687&Prime; _i=\u00a0\u00bb4&Prime; _address=\u00a0\u00bb1.0.1.4&Prime;][\/et_pb_image][et_pb_text _builder_version=\u00a0\u00bb3.29.2&Prime; text_font=\u00a0\u00bbOpen Sans||||||||\u00a0\u00bb text_font_size=\u00a0\u00bb10px\u00a0\u00bb background_layout=\u00a0\u00bbdark\u00a0\u00bb custom_margin=\u00a0\u00bb25px|12px|-28px|12px|false|true\u00a0\u00bb _i=\u00a0\u00bb5&Prime; _address=\u00a0\u00bb1.0.1.5&Prime;]<\/p>\n<p>Compost Ostara 2018<\/p>\n<p>[\/et_pb_text][\/et_pb_column][\/et_pb_row][\/et_pb_section][et_pb_section fb_built=\u00a0\u00bb1&Prime; _builder_version=\u00a0\u00bb3.29.2&Prime; background_color=\u00a0\u00bbrgba(0,0,0,0)\u00a0\u00bb min_height=\u00a0\u00bb201px\u00a0\u00bb custom_margin=\u00a0\u00bb-100px||||false|false\u00a0\u00bb bottom_divider_style=\u00a0\u00bbmountains2&Prime; bottom_divider_color=\u00a0\u00bb#7a7369&Prime; bottom_divider_height=\u00a0\u00bb85px\u00a0\u00bb bottom_divider_flip=\u00a0\u00bbhorizontal\u00a0\u00bb saved_tabs=\u00a0\u00bball\u00a0\u00bb fb_built=\u00a0\u00bb1&Prime; _i=\u00a0\u00bb2&Prime; _address=\u00a0\u00bb2&Prime;][\/et_pb_section]<\/p>\n","protected":false},"excerpt":{"rendered":"<p>[et_pb_section fb_built=\u00a0\u00bb1&Prime; fullwidth=\u00a0\u00bbon\u00a0\u00bb _builder_version=\u00a0\u00bb3.29.2&Prime; box_shadow_style=\u00a0\u00bbpreset1&Prime; box_shadow_spread=\u00a0\u00bb-6px\u00a0\u00bb fb_built=\u00a0\u00bb1&Prime; _i=\u00a0\u00bb0&Prime; _address=\u00a0\u00bb0&Prime;][et_pb_fullwidth_header title=\u00a0\u00bbSoin \u00e0 la Nature et \u00e0 la Terre \u00a0\u00bb _builder_version=\u00a0\u00bb3.29.2&Prime; title_font=\u00a0\u00bbComfortaa|700|||||||\u00a0\u00bb title_text_align=\u00a0\u00bbcenter\u00a0\u00bb title_text_color=\u00a0\u00bb#f7f7f7&Prime; title_font_size=\u00a0\u00bb29px\u00a0\u00bb title_letter_spacing=\u00a0\u00bb2px\u00a0\u00bb background_color=\u00a0\u00bbrgba(0,0,0,0)\u00a0\u00bb background_image=\u00a0\u00bbhttps:\/\/ostara-france.org\/wp-content\/uploads\/2019\/12\/Soin-\u00e0-la-Nature-et-\u00e0-la-Terre.jpg\u00a0\u00bb title_text_shadow_style=\u00a0\u00bbpreset1&Prime; title_text_shadow_color=\u00a0\u00bb#000000&Prime; _i=\u00a0\u00bb0&Prime; _address=\u00a0\u00bb0.0&Prime;][\/et_pb_fullwidth_header][\/et_pb_section][et_pb_section [&hellip;]<\/p>\n","protected":false},"author":1,"featured_media":0,"parent":0,"menu_order":0,"comment_status":"closed","ping_status":"closed","template":"","meta":{"_et_pb_use_builder":"on","_et_pb_old_content":"","footnotes":""},"class_list":["post-150","page","type-page","status-publish","hentry"],"_links":{"self":[{"href":"https:\/\/ostara-france.org\/index.php\/wp-json\/wp\/v2\/pages\/150","targetHints":{"allow":["GET"]}}],"collection":[{"href":"https:\/\/ostara-france.org\/index.php\/wp-json\/wp\/v2\/pages"}],"about":[{"href":"https:\/\/ostara-france.org\/index.php\/wp-json\/wp\/v2\/types\/page"}],"author":[{"embeddable":true,"href":"https:\/\/ostara-france.org\/index.php\/wp-json\/wp\/v2\/users\/1"}],"replies":[{"embeddable":true,"href":"https:\/\/ostara-france.org\/index.php\/wp-json\/wp\/v2\/comments?post=150"}],"version-history":[{"count":55,"href":"https:\/\/ostara-france.org\/index.php\/wp-json\/wp\/v2\/pages\/150\/revisions"}],"predecessor-version":[{"id":3095,"href":"https:\/\/ostara-france.org\/index.php\/wp-json\/wp\/v2\/pages\/150\/revisions\/3095"}],"wp:attachment":[{"href":"https:\/\/ostara-france.org\/index.php\/wp-json\/wp\/v2\/media?parent=150"}],"curies":[{"name":"wp","href":"https:\/\/api.w.org\/{rel}","templated":true}]}}